{"id":23,"date":"2018-11-11T14:44:48","date_gmt":"2018-11-11T14:44:48","guid":{"rendered":"http:\/\/diekunststation.de\/?page_id=23"},"modified":"2025-12-21T12:16:01","modified_gmt":"2025-12-21T12:16:01","slug":"kurse","status":"publish","type":"page","link":"https:\/\/diekunststation.de\/index.php\/kurse\/","title":{"rendered":"Kurse f\u00fcr Zeichnen und Malen"},"content":{"rendered":"\n<p><\/p>\n\n\n\n<p><strong>Kunstkurse, Workshops und Mappenvorbereitung f\u00fcr Studium<\/strong><\/p>\n\n\n\n<p><strong>im Atelier dieKunststation in Bonn<\/strong><\/p>\n\n\n\n<p><strong>Kreativ werden \u2013 Neues ausprobieren \u2013 Kunst erleben !<\/strong><\/p>\n\n\n\n<p>Das <strong>Atelier dieKunststation <\/strong>ist ein gro\u00dfz\u00fcgiger, lichtdurchfluteter Arbeitsraum mit professioneller Ausstattung: Staffeleien, Druckpresse, gro\u00dfe Arbeitstische, vielf\u00e4ltige Materialien und viel Platz f\u00fcr kreatives Arbeiten in entspannter Atmosph\u00e4re.<\/p>\n\n\n\n<p><em>F\u00fcr wen?<\/em><\/p>\n\n\n\n<p>\u2022 Anf\u00e4nger &amp; Fortgeschrittene<br>\u2022 Jugendliche &amp; Erwachsene<br>\u2022 F\u00fcr alle, die kreativ wachsen wollen<\/p>\n\n\n\n<p>Unbenanntes Dokument &#8211; Google Docs<\/p>\n\n\n\n<p><strong>Malkurse (Acryl, \u00d6l, Aquarell)<\/strong><\/p>\n\n\n\n<p>\u2022 Grundlagen &amp; Aufbaukurse<br>\u2022 Farb- und Kompositionslehre<br>\u2022 Freies Malen mit individueller Betreuung<\/p>\n\n\n\n<p><strong>Zeichnen &amp; Skizzieren<\/strong><\/p>\n\n\n\n<p>\u2022 Perspektive, Proportionen, Schraffuren \u2022 Urban Sketching \u2022 Naturstudien<\/p>\n\n\n\n<p><strong>Wochenend<\/strong><strong>\u2010<\/strong><strong>Workshops<br><\/strong>\u2022 Druck-und Experimentelle Techniken, Portrait-und Aktzeichnen<\/p>\n\n\n\n<p><em>Adresse &amp; Zeiten<\/em><\/p>\n\n\n\n<p>Ellerstra\u00dfe 67, 53119 Bonn<\/p>\n\n\n\n<p><strong>Ihre Kurszeiten k\u00f6nnen Sie flexibel gestalten:<br>\u2022 Dienstag und Freitag: 16\u201318 Uhr, Samstag 11-13 Uhr<\/strong><\/p>\n\n\n\n<p><em>Preise<\/em><\/p>\n\n\n\n<p>Probestunde 60 min, 30\u20ac<br>Einzelunterricht 120 min, 60\u20ac<br>Anmeldung f\u00fcr 3 Monate 9 Unterrichten , je 120 min, 360\u20ac \/120\u20ac monatlich Anmeldung f\u00fcr ein Jahr , 1080\u20ac \/90\u20ac monatlich<\/p>\n\n\n\n<p><em>Kontakt<\/em><\/p>\n\n\n\n<p><strong>Irene Gravender, <\/strong>Bildende K\u00fcnstlerin<\/p>\n\n\n\n<p> diekunststation.de <\/p>\n\n\n\n<p>info@diekunststation.de<\/p>\n\n\n\n<p>Telefon: 0178 2076251<\/p>\n\n\n\n<p><\/p>\n\n\n\n<div class=\"wp-block-columns has-2-columns is-layout-flex wp-container-3\">\n<div class=\"wp-block-column is-layout-flow\"><\/div>\n\n\n\n<div class=\"wp-block-column is-layout-flow\"><\/div>\n<\/div>\n","protected":false},"excerpt":{"rendered":"<p>Kunstkurse, Workshops und Mappenvorbereitung f\u00fcr Studium im Atelier dieKunststation in Bonn Kreativ werden \u2013 Neues ausprobieren \u2013 Kunst erleben ! Das Atelier dieKunststation ist ein gro\u00dfz\u00fcgiger, lichtdurchfluteter Arbeitsraum mit professioneller Ausstattung: Staffeleien, Druckpresse, gro\u00dfe Arbeitstische, vielf\u00e4ltige Materialien und viel Platz f\u00fcr kreatives Arbeiten in entspannter Atmosph\u00e4re. F\u00fcr wen? \u2022 Anf\u00e4nger &amp; Fortgeschrittene\u2022 Jugendliche &amp; Erwachsene\u2022 [&hellip;]<\/p>\n","protected":false},"author":1,"featured_media":0,"parent":0,"menu_order":13,"comment_status":"closed","ping_status":"closed","template":"template-fullwidth.php","meta":[],"_links":{"self":[{"href":"https:\/\/diekunststation.de\/index.php\/wp-json\/wp\/v2\/pages\/23"}],"collection":[{"href":"https:\/\/diekunststation.de\/index.php\/wp-json\/wp\/v2\/pages"}],"about":[{"href":"https:\/\/diekunststation.de\/index.php\/wp-json\/wp\/v2\/types\/page"}],"author":[{"embeddable":true,"href":"https:\/\/diekunststation.de\/index.php\/wp-json\/wp\/v2\/users\/1"}],"replies":[{"embeddable":true,"href":"https:\/\/diekunststation.de\/index.php\/wp-json\/wp\/v2\/comments?post=23"}],"version-history":[{"count":67,"href":"https:\/\/diekunststation.de\/index.php\/wp-json\/wp\/v2\/pages\/23\/revisions"}],"predecessor-version":[{"id":1970,"href":"https:\/\/diekunststation.de\/index.php\/wp-json\/wp\/v2\/pages\/23\/revisions\/1970"}],"wp:attachment":[{"href":"https:\/\/diekunststation.de\/index.php\/wp-json\/wp\/v2\/media?parent=23"}],"curies":[{"name":"wp","href":"https:\/\/api.w.org\/{rel}","templated":true}]}}